{"id":56,"date":"2025-08-16T19:51:46","date_gmt":"2025-08-16T17:51:46","guid":{"rendered":"https:\/\/pinguicea.com\/?page_id=56"},"modified":"2026-04-13T02:12:59","modified_gmt":"2026-04-13T00:12:59","slug":"asociacion-valenciana-de-personas-adultas-en-el-espectro-autista","status":"publish","type":"page","link":"https:\/\/pinguicea.org\/","title":{"rendered":"Asociaci\u00f3n Valenciana de Personas Adultas en el Espectro Autista"},"content":{"rendered":"<p>[et_pb_section fb_built=\u00bb1&#8243; module_id=\u00bbinicio\u00bb _builder_version=\u00bb4.27.4&#8243; _module_preset=\u00bbdefault\u00bb background_color=\u00bbRGBA(255,255,255,0)\u00bb background_enable_image=\u00bboff\u00bb background_size=\u00bbstretch\u00bb custom_margin=\u00bb0px|0px|0px|0px|true|true\u00bb custom_padding=\u00bb0px|0px|0px|0px|true|true\u00bb global_colors_info=\u00bb{}\u00bb][et_pb_row make_equal=\u00bbon\u00bb custom_padding_last_edited=\u00bbon|phone\u00bb _builder_version=\u00bb4.27.4&#8243; _module_preset=\u00bbdefault\u00bb background_color=\u00bbRGBA(255,255,255,0)\u00bb max_width=\u00bb1200px\u00bb module_alignment=\u00bbcenter\u00bb custom_margin=\u00bb0px|0px|0px|0px|true|true\u00bb custom_padding=\u00bb50px|0px|50px|0px|true|true\u00bb custom_padding_tablet=\u00bb100px|0px|100px|0px|true|true\u00bb custom_padding_phone=\u00bb100px|0px|100px|0px|true|true\u00bb global_colors_info=\u00bb{}\u00bb][et_pb_column type=\u00bb4_4&#8243; _builder_version=\u00bb4.27.4&#8243; _module_preset=\u00bbdefault\u00bb global_colors_info=\u00bb{}\u00bb][et_pb_image src=\u00bbhttps:\/\/pinguicea.com\/wp-content\/uploads\/2025\/03\/logo-lema.png\u00bb title_text=\u00bblogo-lema\u00bb align=\u00bbright\u00bb _builder_version=\u00bb4.27.4&#8243; _module_preset=\u00bbdefault\u00bb max_width=\u00bb500px\u00bb module_alignment=\u00bbcenter\u00bb global_colors_info=\u00bb{}\u00bb][\/et_pb_image][\/et_pb_column][\/et_pb_row][et_pb_row make_equal=\u00bbon\u00bb custom_padding_last_edited=\u00bbon|phone\u00bb _builder_version=\u00bb4.27.4&#8243; _module_preset=\u00bbdefault\u00bb background_color=\u00bbrgba(0,0,0,0.1)\u00bb max_width=\u00bb1200px\u00bb module_alignment=\u00bbcenter\u00bb custom_margin=\u00bb0px|0px|0px|0px|true|true\u00bb custom_margin_tablet=\u00bb13px||13px||true|true\u00bb custom_margin_last_edited=\u00bboff|tablet\u00bb custom_padding=\u00bb50px|0px|50px|0px|true|true\u00bb custom_padding_tablet=\u00bb100px|0px|100px|0px|true|true\u00bb custom_padding_phone=\u00bb100px|0px|100px|0px|true|true\u00bb border_radii=\u00bbon|13px|13px|13px|13px\u00bb global_colors_info=\u00bb{}\u00bb custom_css_main_element_last_edited=\u00bbon|desktop\u00bb custom_css_main_element_tablet=\u00bb \u00bb custom_css_main_element_phone=\u00bb \u00ab][et_pb_column type=\u00bb4_4&#8243; _builder_version=\u00bb4.27.4&#8243; _module_preset=\u00bbdefault\u00bb custom_padding=\u00bb||||false|false\u00bb custom_padding_tablet=\u00bb|100px||100px|false|true\u00bb custom_padding_phone=\u00bb|0px||0px|false|true\u00bb custom_padding_last_edited=\u00bbon|phone\u00bb global_colors_info=\u00bb{}\u00bb][et_pb_text ul_type=\u00bbsquare\u00bb ul_item_indent=\u00bb18px\u00bb _builder_version=\u00bb4.27.4&#8243; _module_preset=\u00bbdefault\u00bb text_font=\u00bbRoboto Condensed||||||||\u00bb header_2_font=\u00bbOswald|600|||||||\u00bb header_2_text_color=\u00bb#403f41&#8243; header_2_font_size=\u00bb23px\u00bb text_orientation=\u00bbcenter\u00bb global_colors_info=\u00bb{}\u00bb]<\/p>\n<h2>\u00bfQui\u00e9nes somos?<\/h2>\n<p>Ping\u00fciCEA es la primera asociaci\u00f3n para personas Adultas en el Espectro Autista desde el paradigma de la neurodiversidad.<\/p>\n<p>[\/et_pb_text][et_pb_social_media_follow use_icon_font_size=\u00bbon\u00bb icon_font_size=\u00bb24px\u00bb _builder_version=\u00bb4.27.4&#8243; _module_preset=\u00bbdefault\u00bb text_orientation=\u00bbcenter\u00bb border_radii=\u00bbon|50%|50%|50%|50%\u00bb global_colors_info=\u00bb{}\u00bb][et_pb_social_media_follow_network social_network=\u00bbinstagram\u00bb url=\u00bbhttps:\/\/instagram.com\/pinguicea\u00bb _builder_version=\u00bb4.27.4&#8243; _module_preset=\u00bbdefault\u00bb background_color=\u00bb#403f41&#8243; background_enable_color=\u00bbon\u00bb global_colors_info=\u00bb{}\u00bb follow_button=\u00bboff\u00bb url_new_window=\u00bbon\u00bb]instagram[\/et_pb_social_media_follow_network][et_pb_social_media_follow_network social_network=\u00bbyoutube\u00bb url=\u00bbhttps:\/\/youtube.com\/@pinguicea?sub_confirmation=1&#8243; _builder_version=\u00bb4.27.4&#8243; _module_preset=\u00bbdefault\u00bb background_color=\u00bb#403f41&#8243; background_enable_color=\u00bbon\u00bb global_colors_info=\u00bb{}\u00bb follow_button=\u00bboff\u00bb url_new_window=\u00bbon\u00bb]youtube[\/et_pb_social_media_follow_network][et_pb_social_media_follow_network social_network=\u00bbfacebook\u00bb url=\u00bbhttps:\/\/facebook.com\/pinguicea\u00bb _builder_version=\u00bb4.27.4&#8243; _module_preset=\u00bbdefault\u00bb background_color=\u00bb#403f41&#8243; background_enable_color=\u00bbon\u00bb global_colors_info=\u00bb{}\u00bb follow_button=\u00bboff\u00bb url_new_window=\u00bbon\u00bb]facebook[\/et_pb_social_media_follow_network][et_pb_social_media_follow_network social_network=\u00bbtelegram\u00bb url=\u00bbhttps:\/\/t.me\/pinguicea\u00bb _builder_version=\u00bb4.27.4&#8243; _module_preset=\u00bbdefault\u00bb background_color=\u00bb#403f41&#8243; background_enable_color=\u00bbon\u00bb global_colors_info=\u00bb{}\u00bb follow_button=\u00bboff\u00bb url_new_window=\u00bbon\u00bb]telegram[\/et_pb_social_media_follow_network][\/et_pb_social_media_follow][\/et_pb_column][\/et_pb_row][et_pb_row column_structure=\u00bb1_4,1_4,1_4,1_4&#8243; use_custom_gutter=\u00bbon\u00bb gutter_width=\u00bb2&#8243; make_equal=\u00bbon\u00bb disabled_on=\u00bbon|on|on\u00bb _builder_version=\u00bb4.27.4&#8243; _module_preset=\u00bbdefault\u00bb width=\u00bb100%\u00bb disabled=\u00bbon\u00bb global_colors_info=\u00bb{}\u00bb][et_pb_column type=\u00bb1_4&#8243; _builder_version=\u00bb4.27.4&#8243; _module_preset=\u00bbdefault\u00bb global_colors_info=\u00bb{}\u00bb][et_pb_button button_text=\u00bbEn el espectro\u00bb button_alignment=\u00bbcenter\u00bb _builder_version=\u00bb4.27.4&#8243; _module_preset=\u00bbdefault\u00bb global_colors_info=\u00bb{}\u00bb][\/et_pb_button][et_pb_text ul_type=\u00bbsquare\u00bb ul_item_indent=\u00bb18px\u00bb _builder_version=\u00bb4.27.4&#8243; _module_preset=\u00bbdefault\u00bb text_font=\u00bbRoboto Condensed||||||||\u00bb text_font_size=\u00bb15px\u00bb header_2_font=\u00bbOswald|600|||||||\u00bb header_2_text_color=\u00bb#403f41&#8243; header_2_font_size=\u00bb23px\u00bb global_colors_info=\u00bb{}\u00bb]<\/p>\n<p>Estoy dentro del espectro autista.<\/p>\n<p>[\/et_pb_text][\/et_pb_column][et_pb_column type=\u00bb1_4&#8243; _builder_version=\u00bb4.27.4&#8243; _module_preset=\u00bbdefault\u00bb global_colors_info=\u00bb{}\u00bb][et_pb_button button_text=\u00bbEstoy diagnostic\u00e1ndome\u00bb button_alignment=\u00bbcenter\u00bb _builder_version=\u00bb4.27.4&#8243; _module_preset=\u00bbdefault\u00bb global_colors_info=\u00bb{}\u00bb][\/et_pb_button][\/et_pb_column][et_pb_column type=\u00bb1_4&#8243; _builder_version=\u00bb4.27.4&#8243; _module_preset=\u00bbdefault\u00bb global_colors_info=\u00bb{}\u00bb][et_pb_button button_text=\u00bbProfesional\u00bb button_alignment=\u00bbcenter\u00bb _builder_version=\u00bb4.27.4&#8243; _module_preset=\u00bbdefault\u00bb global_colors_info=\u00bb{}\u00bb][\/et_pb_button][\/et_pb_column][et_pb_column type=\u00bb1_4&#8243; _builder_version=\u00bb4.27.4&#8243; _module_preset=\u00bbdefault\u00bb global_colors_info=\u00bb{}\u00bb][et_pb_button button_text=\u00bbTengo inter\u00e9s\u00bb button_alignment=\u00bbcenter\u00bb _builder_version=\u00bb4.27.4&#8243; _module_preset=\u00bbdefault\u00bb global_colors_info=\u00bb{}\u00bb][\/et_pb_button][\/et_pb_column][\/et_pb_row][\/et_pb_section][et_pb_section fb_built=\u00bb1&#8243; module_id=\u00bbfines-actividades\u00bb _builder_version=\u00bb4.27.4&#8243; _module_preset=\u00bbdefault\u00bb background_color=\u00bbRGBA(255,255,255,0)\u00bb custom_margin=\u00bb0px|0px|0px|0px|true|true\u00bb custom_padding=\u00bb0px|0px|0px|0px|true|true\u00bb global_colors_info=\u00bb{}\u00bb][et_pb_row column_structure=\u00bb1_2,1_2&#8243; make_equal=\u00bbon\u00bb custom_padding_last_edited=\u00bbon|phone\u00bb _builder_version=\u00bb4.27.4&#8243; _module_preset=\u00bbdefault\u00bb background_color=\u00bbRGBA(255,255,255,0)\u00bb max_width=\u00bb1200px\u00bb module_alignment=\u00bbcenter\u00bb custom_margin=\u00bb0px|0px|0px|0px|true|true\u00bb custom_padding=\u00bb100px|0px|100px|0px|true|true\u00bb custom_padding_tablet=\u00bb100px|0px|100px|0px|true|true\u00bb custom_padding_phone=\u00bb100px|0px|100px|0px|true|true\u00bb locked=\u00bboff\u00bb global_colors_info=\u00bb{}\u00bb custom_css_main_element_last_edited=\u00bbon|tablet\u00bb custom_css_main_element_tablet=\u00bb \u00bb custom_css_main_element_phone=\u00bb \u00ab][et_pb_column type=\u00bb1_2&#8243; _builder_version=\u00bb4.27.4&#8243; _module_preset=\u00bbdefault\u00bb custom_padding=\u00bb||||false|false\u00bb custom_padding_tablet=\u00bb|100px||100px|false|true\u00bb custom_padding_phone=\u00bb|0px||0px|false|true\u00bb custom_padding_last_edited=\u00bbon|phone\u00bb global_colors_info=\u00bb{}\u00bb][et_pb_text ul_type=\u00bbsquare\u00bb ul_item_indent=\u00bb18px\u00bb _builder_version=\u00bb4.27.4&#8243; _module_preset=\u00bbdefault\u00bb text_font=\u00bbRoboto Condensed||||||||\u00bb header_2_font=\u00bbOswald|600|||||||\u00bb header_2_text_color=\u00bb#403f41&#8243; header_2_font_size=\u00bb23px\u00bb global_colors_info=\u00bb{}\u00bb]<\/p>\n<h2>Fines<\/h2>\n<ul>\n<li>Satisfacer las necesidades de socializaci\u00f3n de las personas adultas autistas.<\/li>\n<li>Ayudar a las personas adultas en el espectro autista con los desaf\u00edos sociales, laborales y econ\u00f3micos con los que se encuentran.<\/li>\n<li>Difundir las realidades de la comunidad autista entre la poblaci\u00f3n general.<\/li>\n<li>Llevar a cabo todas las actividades y difusiones desde el prisma de la Condici\u00f3n del Espectro Autista dentro de la neurodiversidad, no desde la patologizaci\u00f3n.<\/li>\n<\/ul>\n<p>[\/et_pb_text][\/et_pb_column][et_pb_column type=\u00bb1_2&#8243; _builder_version=\u00bb4.27.4&#8243; _module_preset=\u00bbdefault\u00bb global_colors_info=\u00bb{}\u00bb][et_pb_text ul_type=\u00bbsquare\u00bb ul_item_indent=\u00bb18px\u00bb _builder_version=\u00bb4.27.4&#8243; _module_preset=\u00bbdefault\u00bb text_font=\u00bbRoboto Condensed||||||||\u00bb header_2_font=\u00bbOswald|600|||||||\u00bb header_2_text_color=\u00bb#403f41&#8243; header_2_font_size=\u00bb23px\u00bb global_colors_info=\u00bb{}\u00bb]<\/p>\n<h2>Actividades<\/h2>\n<ul>\n<li>Promover actividades sociales para personas adultas autistas en un entorno seguro adaptado a sus necesidades.<\/li>\n<li>Promover equipos de trabajo para atender a los retos sociales, laborales y econ\u00f3micos a los que se enfrenta la comunidad autista.<\/li>\n<li>Promover talleres y charlas de profesionales que sean de inter\u00e9s dentro de los fines de la asociaci\u00f3n.<\/li>\n<li>Crear una red de apoyo emocional para las personas asociadas al recibir su diagn\u00f3stico.<\/li>\n<\/ul>\n<p>[\/et_pb_text][\/et_pb_column][\/et_pb_row][\/et_pb_section][et_pb_section fb_built=\u00bb1&#8243; module_id=\u00bbestatutos\u00bb _builder_version=\u00bb4.27.4&#8243; _module_preset=\u00bbdefault\u00bb background_color=\u00bb#8300E9&#8243; custom_margin=\u00bb0px|0px|0px|0px|true|true\u00bb custom_padding=\u00bb0px|0px|0px|0px|true|true\u00bb top_divider_style=\u00bbasymmetric2&#8243; top_divider_color=\u00bb#FFFFFF\u00bb top_divider_height=\u00bb50px\u00bb top_divider_flip=\u00bbvertical\u00bb bottom_divider_style=\u00bbasymmetric2&#8243; bottom_divider_color=\u00bb#FFFFFF\u00bb bottom_divider_height=\u00bb50px\u00bb bottom_divider_flip=\u00bbhorizontal\u00bb global_colors_info=\u00bb{}\u00bb][et_pb_row make_equal=\u00bbon\u00bb custom_padding_last_edited=\u00bbon|phone\u00bb _builder_version=\u00bb4.27.4&#8243; _module_preset=\u00bbdefault\u00bb background_color=\u00bbRGBA(255,255,255,0)\u00bb max_width=\u00bb1200px\u00bb module_alignment=\u00bbcenter\u00bb custom_margin=\u00bb0px|0px|0px|0px|true|true\u00bb custom_padding=\u00bb100px|0px|0px|0px|false|true\u00bb custom_padding_tablet=\u00bb100px|0px|100px|0px|true|true\u00bb custom_padding_phone=\u00bb100px|0px|100px|0px|true|true\u00bb custom_css_main_element=\u00bbalign-items:center;||display: flex;\u00bb global_colors_info=\u00bb{}\u00bb custom_css_main_element_tablet=\u00bb \u00bb custom_css_main_element_phone=\u00bb \u00bb custom_css_main_element_last_edited=\u00bbon|tablet\u00bb][et_pb_column type=\u00bb4_4&#8243; _builder_version=\u00bb4.27.4&#8243; _module_preset=\u00bbdefault\u00bb global_colors_info=\u00bb{}\u00bb][et_pb_text ul_type=\u00bbsquare\u00bb ul_item_indent=\u00bb18px\u00bb _builder_version=\u00bb4.27.4&#8243; _module_preset=\u00bbdefault\u00bb text_font=\u00bbRoboto Condensed||||||||\u00bb text_font_size=\u00bb15px\u00bb header_2_font=\u00bbOswald|600|||||||\u00bb header_2_text_align=\u00bbcenter\u00bb header_2_font_size=\u00bb33px\u00bb background_layout=\u00bbdark\u00bb global_colors_info=\u00bb{}\u00bb]<\/p>\n<h2>Estatutos y Reglamento de R\u00e9gimen Interno<\/h2>\n<p>[\/et_pb_text][\/et_pb_column][\/et_pb_row][et_pb_row column_structure=\u00bb1_2,1_2&#8243; make_equal=\u00bbon\u00bb custom_padding_last_edited=\u00bbon|desktop\u00bb _builder_version=\u00bb4.27.4&#8243; _module_preset=\u00bbdefault\u00bb background_color=\u00bbRGBA(255,255,255,0)\u00bb max_width=\u00bb1200px\u00bb module_alignment=\u00bbcenter\u00bb custom_margin=\u00bb0px|0px|0px|0px|true|true\u00bb custom_padding=\u00bb50px|0px|100px|0px|false|true\u00bb custom_padding_tablet=\u00bb100px|0px|100px|0px|true|true\u00bb custom_padding_phone=\u00bb100px|0px|100px|0px|true|true\u00bb custom_css_main_element=\u00bbalign-items:center;||display: flex;\u00bb locked=\u00bboff\u00bb global_colors_info=\u00bb{}\u00bb custom_css_main_element_last_edited=\u00bbon|tablet\u00bb custom_css_main_element_tablet=\u00bb \u00bb custom_css_main_element_phone=\u00bb \u00ab][et_pb_column type=\u00bb1_2&#8243; _builder_version=\u00bb4.27.4&#8243; _module_preset=\u00bbdefault\u00bb custom_padding=\u00bb||||false|false\u00bb custom_padding_tablet=\u00bb|100px||100px|false|true\u00bb custom_padding_phone=\u00bb|0px||0px|false|true\u00bb custom_padding_last_edited=\u00bbon|phone\u00bb global_colors_info=\u00bb{}\u00bb][et_pb_button button_url=\u00bb\/docs\/estatutos.pdf\u00bb url_new_window=\u00bbon\u00bb button_text=\u00bbEstatutos\u00bb button_alignment=\u00bbcenter\u00bb _builder_version=\u00bb4.27.4&#8243; _module_preset=\u00bbdefault\u00bb custom_button=\u00bbon\u00bb button_text_size=\u00bb20px\u00bb button_font=\u00bb|700|||||||\u00bb custom_padding=\u00bb2em|2em|2em|2em|true|true\u00bb global_colors_info=\u00bb{}\u00bb button_bg_color__hover_enabled=\u00bbon|hover\u00bb button_bg_color__hover=\u00bb#FFFFFF\u00bb button_bg_enable_color__hover=\u00bbon\u00bb button_text_color__hover_enabled=\u00bbon|hover\u00bb button_text_color__hover=\u00bb#000000&#8243;][\/et_pb_button][\/et_pb_column][et_pb_column type=\u00bb1_2&#8243; _builder_version=\u00bb4.27.4&#8243; _module_preset=\u00bbdefault\u00bb custom_padding=\u00bb||||false|false\u00bb custom_padding_tablet=\u00bb|100px||100px|false|true\u00bb custom_padding_phone=\u00bb|0px||0px|false|true\u00bb custom_padding_last_edited=\u00bbon|phone\u00bb global_colors_info=\u00bb{}\u00bb][et_pb_button button_url=\u00bb\/docs\/RRI.pdf\u00bb url_new_window=\u00bbon\u00bb button_text=\u00bbRRI\u00bb button_alignment=\u00bbcenter\u00bb _builder_version=\u00bb4.27.4&#8243; _module_preset=\u00bbdefault\u00bb custom_button=\u00bbon\u00bb button_text_size=\u00bb20px\u00bb button_font=\u00bb|700|||||||\u00bb custom_padding=\u00bb2em|2em|2em|2em|true|true\u00bb global_colors_info=\u00bb{}\u00bb button_text_color__hover=\u00bb#000000&#8243; button_text_color__hover_enabled=\u00bbon|hover\u00bb button_bg_color__hover=\u00bb#FFFFFF\u00bb button_bg_color__hover_enabled=\u00bbon|hover\u00bb][\/et_pb_button][\/et_pb_column][\/et_pb_row][\/et_pb_section][et_pb_section fb_built=\u00bb1&#8243; module_id=\u00bbsolicitud\u00bb _builder_version=\u00bb4.27.4&#8243; _module_preset=\u00bbdefault\u00bb background_color=\u00bbRGBA(255,255,255,0)\u00bb custom_margin=\u00bb0px|0px|0px|0px|true|true\u00bb custom_padding=\u00bb0px|0px||0px|false|true\u00bb global_colors_info=\u00bb{}\u00bb][et_pb_row make_equal=\u00bbon\u00bb custom_padding_last_edited=\u00bbon|phone\u00bb _builder_version=\u00bb4.27.4&#8243; _module_preset=\u00bbdefault\u00bb background_color=\u00bbRGBA(255,255,255,0)\u00bb max_width=\u00bb1200px\u00bb module_alignment=\u00bbcenter\u00bb custom_margin=\u00bb0px|0px|0px|0px|true|true\u00bb custom_padding=\u00bb100px|0px|0px|0px|false|true\u00bb custom_padding_tablet=\u00bb100px|0px|100px|0px|true|true\u00bb custom_padding_phone=\u00bb100px|0px|100px|0px|true|true\u00bb custom_css_main_element=\u00bbalign-items:center;||display: flex;\u00bb global_colors_info=\u00bb{}\u00bb custom_css_main_element_tablet=\u00bb \u00bb custom_css_main_element_phone=\u00bb \u00bb custom_css_main_element_last_edited=\u00bbon|tablet\u00bb][et_pb_column type=\u00bb4_4&#8243; _builder_version=\u00bb4.27.4&#8243; _module_preset=\u00bbdefault\u00bb global_colors_info=\u00bb{}\u00bb][et_pb_text ul_type=\u00bbsquare\u00bb ul_item_indent=\u00bb18px\u00bb _builder_version=\u00bb4.27.4&#8243; _module_preset=\u00bbdefault\u00bb text_font=\u00bbRoboto Condensed||||||||\u00bb text_font_size=\u00bb15px\u00bb header_2_font=\u00bbOswald|600|||||||\u00bb header_2_text_align=\u00bbcenter\u00bb header_2_text_color=\u00bb#403f41&#8243; header_2_font_size=\u00bb33px\u00bb global_colors_info=\u00bb{}\u00bb]<\/p>\n<h2>\u00bfQuieres ping\u00fcicear?<\/h2>\n<p>[\/et_pb_text][\/et_pb_column][\/et_pb_row][et_pb_row column_structure=\u00bb2_5,3_5&#8243; make_equal=\u00bbon\u00bb custom_padding_last_edited=\u00bbon|phone\u00bb _builder_version=\u00bb4.27.4&#8243; _module_preset=\u00bbdefault\u00bb background_color=\u00bbRGBA(255,255,255,0)\u00bb max_width=\u00bb1200px\u00bb module_alignment=\u00bbcenter\u00bb custom_margin=\u00bb0px|0px|0px|0px|true|true\u00bb custom_padding=\u00bb50px|0px|100px|0px|false|true\u00bb custom_padding_tablet=\u00bb100px|0px|100px|0px|true|true\u00bb custom_padding_phone=\u00bb100px|0px|100px|0px|true|true\u00bb custom_css_main_element=\u00bbdisplay: flex;\u00bb locked=\u00bboff\u00bb global_colors_info=\u00bb{}\u00bb custom_css_main_element_last_edited=\u00bbon|tablet\u00bb custom_css_main_element_tablet=\u00bb \u00bb custom_css_main_element_phone=\u00bb \u00ab][et_pb_column type=\u00bb2_5&#8243; _builder_version=\u00bb4.27.4&#8243; _module_preset=\u00bbdefault\u00bb background_enable_color=\u00bboff\u00bb use_background_color_gradient=\u00bbon\u00bb background_color_gradient_direction=\u00bb210deg\u00bb background_color_gradient_stops=\u00bb#e02b20 0%|#e09900 25%|#7cda24 50%|#0c71c3 75%|#8300e9 100%\u00bb custom_padding=\u00bb15px||15px||true|false\u00bb custom_padding_tablet=\u00bb|100px||100px|false|true\u00bb custom_padding_phone=\u00bb|0px||0px|false|true\u00bb custom_padding_last_edited=\u00bbon|phone\u00bb custom_css_main_element=\u00bbalign-items:center;||display: flex;||justify-content:center;||\u00bb global_colors_info=\u00bb{}\u00bb][et_pb_button button_url=\u00bbhttps:\/\/pinguicea.com\/solicitud\u00bb url_new_window=\u00bbon\u00bb button_text=\u00bbSolicita tu admisi\u00f3n\u00bb button_alignment=\u00bbcenter\u00bb _builder_version=\u00bb4.27.4&#8243; _module_preset=\u00bbdefault\u00bb global_colors_info=\u00bb{}\u00bb][\/et_pb_button][\/et_pb_column][et_pb_column type=\u00bb3_5&#8243; _builder_version=\u00bb4.27.4&#8243; _module_preset=\u00bbdefault\u00bb custom_padding=\u00bb||||false|false\u00bb custom_padding_tablet=\u00bb|100px||100px|false|true\u00bb custom_padding_phone=\u00bb|0px||0px|false|true\u00bb custom_padding_last_edited=\u00bbon|phone\u00bb global_colors_info=\u00bb{}\u00bb][et_pb_text _builder_version=\u00bb4.27.4&#8243; _module_preset=\u00bbdefault\u00bb global_colors_info=\u00bb{}\u00bb]<\/p>\n<ul>\n<li><strong>PARTICIPANTE<\/strong>: Personas dentro del <strong>espectro autista<\/strong>, con diagn\u00f3stico emitido por profesional colegiado.<\/li>\n<li><strong>SOLICITANTE<\/strong>: Personas en proceso de <strong>diagn\u00f3stico<\/strong> de autismo.<\/li>\n<li><strong>PROFESIONAL<\/strong>: Profesionales de la <strong>sanidad o educaci\u00f3n<\/strong>, con t\u00edtulo correspondiente y colegiaci\u00f3n, si procede, o personas matriculadas en los estudios que permiten obtener dichas titulaciones.<\/li>\n<li><strong>SIMPATIZANTE<\/strong>: Personas interesadas en <strong>apoyar<\/strong> los fines de la asociaci\u00f3n.<\/li>\n<\/ul>\n<p><small style=\"font-size:90%\">(consultar previamente los estatutos)<\/small>[\/et_pb_text][\/et_pb_column][\/et_pb_row][\/et_pb_section][et_pb_section fb_built=\u00bb1&#8243; module_id=\u00bbcontacto\u00bb _builder_version=\u00bb4.27.4&#8243; _module_preset=\u00bbdefault\u00bb background_color=\u00bbrgba(0,0,0,0.75)\u00bb background_enable_pattern_style=\u00bbon\u00bb background_pattern_style=\u00bbdiagonal-stripes-2&#8243; background_pattern_color=\u00bbrgba(0,0,0,0.05)\u00bb custom_margin=\u00bb0px|0px|0px|0px|true|true\u00bb custom_padding=\u00bb0px|0px|0px|0px|true|true\u00bb top_divider_style=\u00bbtriangle\u00bb top_divider_color=\u00bb#FFFFFF\u00bb top_divider_height=\u00bb50px\u00bb top_divider_flip=\u00bbvertical\u00bb border_color_top=\u00bbrgba(0,0,0,0.5)\u00bb global_colors_info=\u00bb{}\u00bb][et_pb_row make_equal=\u00bbon\u00bb custom_padding_last_edited=\u00bbon|phone\u00bb _builder_version=\u00bb4.27.4&#8243; _module_preset=\u00bbdefault\u00bb background_color=\u00bbRGBA(255,255,255,0)\u00bb max_width=\u00bb1200px\u00bb module_alignment=\u00bbcenter\u00bb custom_margin=\u00bb0px|0px|0px|0px|true|true\u00bb custom_padding=\u00bb100px|0px|100px|0px|true|true\u00bb custom_padding_tablet=\u00bb100px|0px|100px|0px|true|true\u00bb custom_padding_phone=\u00bb100px|0px|100px|0px|true|true\u00bb custom_css_main_element=\u00bbalign-items:center;||display: flex;\u00bb locked=\u00bboff\u00bb global_colors_info=\u00bb{}\u00bb custom_css_main_element_last_edited=\u00bbon|tablet\u00bb custom_css_main_element_tablet=\u00bb \u00bb custom_css_main_element_phone=\u00bb \u00ab][et_pb_column type=\u00bb4_4&#8243; _builder_version=\u00bb4.27.4&#8243; _module_preset=\u00bbdefault\u00bb custom_padding=\u00bb||||false|false\u00bb custom_padding_tablet=\u00bb|100px||100px|false|true\u00bb custom_padding_phone=\u00bb|0px||0px|false|true\u00bb custom_padding_last_edited=\u00bbon|phone\u00bb global_colors_info=\u00bb{}\u00bb][et_pb_contact_form email=\u00bbcoordinacion.pinguicea@gmail.com\u00bb title=\u00bb\u00bfTienes alguna pregunta?\u00bb success_message=\u00bbMensaje enviado. Lo m\u00e1s pronto posible, te daremos respuesta.\u00bb _builder_version=\u00bb4.27.6&#8243; _module_preset=\u00bbdefault\u00bb _unique_id=\u00bb10f51053-7790-4834-b4aa-4ef2e2548fbd\u00bb title_level=\u00bbh2&#8243; title_text_color=\u00bb#FFFFFF\u00bb captcha_text_color=\u00bb#FFFFFF\u00bb hover_enabled=\u00bb0&#8243; global_colors_info=\u00bb{}\u00bb sticky_enabled=\u00bb0&#8243; custom_message=\u00bb%%name%% (%%email%%)||et_pb_line_break_holder||||et_pb_line_break_holder||%%message%%\u00bb][et_pb_contact_field field_id=\u00bbName\u00bb field_title=\u00bbNombre\u00bb _builder_version=\u00bb4.16&#8243; global_colors_info=\u00bb{}\u00bb button_text_size__hover_enabled=\u00bboff\u00bb button_one_text_size__hover_enabled=\u00bboff\u00bb button_two_text_size__hover_enabled=\u00bboff\u00bb button_text_color__hover_enabled=\u00bboff\u00bb button_one_text_color__hover_enabled=\u00bboff\u00bb button_two_text_color__hover_enabled=\u00bboff\u00bb button_border_width__hover_enabled=\u00bboff\u00bb button_one_border_width__hover_enabled=\u00bboff\u00bb button_two_border_width__hover_enabled=\u00bboff\u00bb button_border_color__hover_enabled=\u00bboff\u00bb button_one_border_color__hover_enabled=\u00bboff\u00bb button_two_border_color__hover_enabled=\u00bboff\u00bb button_border_radius__hover_enabled=\u00bboff\u00bb button_one_border_radius__hover_enabled=\u00bboff\u00bb button_two_border_radius__hover_enabled=\u00bboff\u00bb button_letter_spacing__hover_enabled=\u00bboff\u00bb button_one_letter_spacing__hover_enabled=\u00bboff\u00bb button_two_letter_spacing__hover_enabled=\u00bboff\u00bb button_bg_color__hover_enabled=\u00bboff\u00bb button_one_bg_color__hover_enabled=\u00bboff\u00bb button_two_bg_color__hover_enabled=\u00bboff\u00bb][\/et_pb_contact_field][et_pb_contact_field field_id=\u00bbEmail\u00bb field_title=\u00bbDirecci\u00f3n de correo electr\u00f3nico\u00bb field_type=\u00bbemail\u00bb _builder_version=\u00bb4.16&#8243; global_colors_info=\u00bb{}\u00bb button_text_size__hover_enabled=\u00bboff\u00bb button_one_text_size__hover_enabled=\u00bboff\u00bb button_two_text_size__hover_enabled=\u00bboff\u00bb button_text_color__hover_enabled=\u00bboff\u00bb button_one_text_color__hover_enabled=\u00bboff\u00bb button_two_text_color__hover_enabled=\u00bboff\u00bb button_border_width__hover_enabled=\u00bboff\u00bb button_one_border_width__hover_enabled=\u00bboff\u00bb button_two_border_width__hover_enabled=\u00bboff\u00bb button_border_color__hover_enabled=\u00bboff\u00bb button_one_border_color__hover_enabled=\u00bboff\u00bb button_two_border_color__hover_enabled=\u00bboff\u00bb button_border_radius__hover_enabled=\u00bboff\u00bb button_one_border_radius__hover_enabled=\u00bboff\u00bb button_two_border_radius__hover_enabled=\u00bboff\u00bb button_letter_spacing__hover_enabled=\u00bboff\u00bb button_one_letter_spacing__hover_enabled=\u00bboff\u00bb button_two_letter_spacing__hover_enabled=\u00bboff\u00bb button_bg_color__hover_enabled=\u00bboff\u00bb button_one_bg_color__hover_enabled=\u00bboff\u00bb button_two_bg_color__hover_enabled=\u00bboff\u00bb][\/et_pb_contact_field][et_pb_contact_field field_id=\u00bbMessage\u00bb field_title=\u00bbMensaje\u00bb field_type=\u00bbtext\u00bb fullwidth_field=\u00bbon\u00bb _builder_version=\u00bb4.16&#8243; global_colors_info=\u00bb{}\u00bb button_text_size__hover_enabled=\u00bboff\u00bb button_one_text_size__hover_enabled=\u00bboff\u00bb button_two_text_size__hover_enabled=\u00bboff\u00bb button_text_color__hover_enabled=\u00bboff\u00bb button_one_text_color__hover_enabled=\u00bboff\u00bb button_two_text_color__hover_enabled=\u00bboff\u00bb button_border_width__hover_enabled=\u00bboff\u00bb button_one_border_width__hover_enabled=\u00bboff\u00bb button_two_border_width__hover_enabled=\u00bboff\u00bb button_border_color__hover_enabled=\u00bboff\u00bb button_one_border_color__hover_enabled=\u00bboff\u00bb button_two_border_color__hover_enabled=\u00bboff\u00bb button_border_radius__hover_enabled=\u00bboff\u00bb button_one_border_radius__hover_enabled=\u00bboff\u00bb button_two_border_radius__hover_enabled=\u00bboff\u00bb button_letter_spacing__hover_enabled=\u00bboff\u00bb button_one_letter_spacing__hover_enabled=\u00bboff\u00bb button_two_letter_spacing__hover_enabled=\u00bboff\u00bb button_bg_color__hover_enabled=\u00bboff\u00bb button_one_bg_color__hover_enabled=\u00bboff\u00bb button_two_bg_color__hover_enabled=\u00bboff\u00bb][\/et_pb_contact_field][\/et_pb_contact_form][\/et_pb_column][\/et_pb_row][\/et_pb_section]<\/p>\n","protected":false},"excerpt":{"rendered":"<p>\u00bfQui\u00e9nes somos? Ping\u00fciCEA es la primera asociaci\u00f3n para personas Adultas en el Espectro Autista desde el paradigma de la neurodiversidad.Estoy dentro del espectro autista.Fines Satisfacer las necesidades de socializaci\u00f3n de las personas adultas autistas. Ayudar a las personas adultas en el espectro autista con los desaf\u00edos sociales, laborales y econ\u00f3micos con los que se encuentran. [&hellip;]<\/p>\n","protected":false},"author":3,"featured_media":8,"parent":0,"menu_order":0,"comment_status":"closed","ping_status":"closed","template":"","meta":{"_et_pb_use_builder":"on","_et_pb_old_content":"","_et_gb_content_width":"","inline_featured_image":false,"footnotes":""},"class_list":["post-56","page","type-page","status-publish","has-post-thumbnail","hentry"],"yoast_head":"<!-- This site is optimized with the Yoast SEO plugin v27.4 - https:\/\/yoast.com\/product\/yoast-seo-wordpress\/ -->\n<title>Asociaci\u00f3n Valenciana de Personas Adultas en el Espectro Autista - Ping\u00fciCEA<\/title>\n<meta name=\"robots\" content=\"index, follow, max-snippet:-1, max-image-preview:large, max-video-preview:-1\" \/>\n<link rel=\"canonical\" href=\"https:\/\/pinguicea.org\/\" \/>\n<meta property=\"og:locale\" content=\"es_ES\" \/>\n<meta property=\"og:type\" content=\"article\" \/>\n<meta property=\"og:title\" content=\"Asociaci\u00f3n Valenciana de Personas Adultas en el Espectro Autista - Ping\u00fciCEA\" \/>\n<meta property=\"og:description\" content=\"\u00bfQui\u00e9nes somos? Ping\u00fciCEA es la primera asociaci\u00f3n para personas Adultas en el Espectro Autista desde el paradigma de la neurodiversidad.Estoy dentro del espectro autista.Fines Satisfacer las necesidades de socializaci\u00f3n de las personas adultas autistas. Ayudar a las personas adultas en el espectro autista con los desaf\u00edos sociales, laborales y econ\u00f3micos con los que se encuentran. [&hellip;]\" \/>\n<meta property=\"og:url\" content=\"https:\/\/pinguicea.org\/\" \/>\n<meta property=\"og:site_name\" content=\"Ping\u00fciCEA\" \/>\n<meta property=\"article:modified_time\" content=\"2026-04-13T00:12:59+00:00\" \/>\n<meta property=\"og:image\" content=\"https:\/\/pinguicea.org\/wp-content\/uploads\/2025\/02\/perfil.png\" \/>\n\t<meta property=\"og:image:width\" content=\"827\" \/>\n\t<meta property=\"og:image:height\" content=\"827\" \/>\n\t<meta property=\"og:image:type\" content=\"image\/png\" \/>\n<meta name=\"twitter:card\" content=\"summary_large_image\" \/>\n<meta name=\"twitter:label1\" content=\"Tiempo de lectura\" \/>\n\t<meta name=\"twitter:data1\" content=\"2 minutos\" \/>\n<script type=\"application\/ld+json\" class=\"yoast-schema-graph\">{\"@context\":\"https:\\\/\\\/schema.org\",\"@graph\":[{\"@type\":\"WebPage\",\"@id\":\"https:\\\/\\\/pinguicea.org\\\/\",\"url\":\"https:\\\/\\\/pinguicea.org\\\/\",\"name\":\"Asociaci\u00f3n Valenciana de Personas Adultas en el Espectro Autista - Ping\u00fciCEA\",\"isPartOf\":{\"@id\":\"https:\\\/\\\/pinguicea.org\\\/#website\"},\"primaryImageOfPage\":{\"@id\":\"https:\\\/\\\/pinguicea.org\\\/#primaryimage\"},\"image\":{\"@id\":\"https:\\\/\\\/pinguicea.org\\\/#primaryimage\"},\"thumbnailUrl\":\"https:\\\/\\\/pinguicea.org\\\/wp-content\\\/uploads\\\/2025\\\/02\\\/perfil.png\",\"datePublished\":\"2025-08-16T17:51:46+00:00\",\"dateModified\":\"2026-04-13T00:12:59+00:00\",\"breadcrumb\":{\"@id\":\"https:\\\/\\\/pinguicea.org\\\/#breadcrumb\"},\"inLanguage\":\"es\",\"potentialAction\":[{\"@type\":\"ReadAction\",\"target\":[\"https:\\\/\\\/pinguicea.org\\\/\"]}]},{\"@type\":\"ImageObject\",\"inLanguage\":\"es\",\"@id\":\"https:\\\/\\\/pinguicea.org\\\/#primaryimage\",\"url\":\"https:\\\/\\\/pinguicea.org\\\/wp-content\\\/uploads\\\/2025\\\/02\\\/perfil.png\",\"contentUrl\":\"https:\\\/\\\/pinguicea.org\\\/wp-content\\\/uploads\\\/2025\\\/02\\\/perfil.png\",\"width\":827,\"height\":827},{\"@type\":\"BreadcrumbList\",\"@id\":\"https:\\\/\\\/pinguicea.org\\\/#breadcrumb\",\"itemListElement\":[{\"@type\":\"ListItem\",\"position\":1,\"name\":\"Portada\",\"item\":\"https:\\\/\\\/pinguicea.org\\\/\"},{\"@type\":\"ListItem\",\"position\":2,\"name\":\"Asociaci\u00f3n Valenciana de Personas Adultas en el Espectro Autista\"}]},{\"@type\":\"WebSite\",\"@id\":\"https:\\\/\\\/pinguicea.org\\\/#website\",\"url\":\"https:\\\/\\\/pinguicea.org\\\/\",\"name\":\"Ping\u00fciCEA\",\"description\":\"Asociaci\u00f3n Valenciana de Personas Adultas en el Espectro Autista\",\"potentialAction\":[{\"@type\":\"SearchAction\",\"target\":{\"@type\":\"EntryPoint\",\"urlTemplate\":\"https:\\\/\\\/pinguicea.org\\\/?s={search_term_string}\"},\"query-input\":{\"@type\":\"PropertyValueSpecification\",\"valueRequired\":true,\"valueName\":\"search_term_string\"}}],\"inLanguage\":\"es\"}]}<\/script>\n<!-- \/ Yoast SEO plugin. -->","yoast_head_json":{"title":"Asociaci\u00f3n Valenciana de Personas Adultas en el Espectro Autista - Ping\u00fciCEA","robots":{"index":"index","follow":"follow","max-snippet":"max-snippet:-1","max-image-preview":"max-image-preview:large","max-video-preview":"max-video-preview:-1"},"canonical":"https:\/\/pinguicea.org\/","og_locale":"es_ES","og_type":"article","og_title":"Asociaci\u00f3n Valenciana de Personas Adultas en el Espectro Autista - Ping\u00fciCEA","og_description":"\u00bfQui\u00e9nes somos? Ping\u00fciCEA es la primera asociaci\u00f3n para personas Adultas en el Espectro Autista desde el paradigma de la neurodiversidad.Estoy dentro del espectro autista.Fines Satisfacer las necesidades de socializaci\u00f3n de las personas adultas autistas. Ayudar a las personas adultas en el espectro autista con los desaf\u00edos sociales, laborales y econ\u00f3micos con los que se encuentran. [&hellip;]","og_url":"https:\/\/pinguicea.org\/","og_site_name":"Ping\u00fciCEA","article_modified_time":"2026-04-13T00:12:59+00:00","og_image":[{"width":827,"height":827,"url":"https:\/\/pinguicea.org\/wp-content\/uploads\/2025\/02\/perfil.png","type":"image\/png"}],"twitter_card":"summary_large_image","twitter_misc":{"Tiempo de lectura":"2 minutos"},"schema":{"@context":"https:\/\/schema.org","@graph":[{"@type":"WebPage","@id":"https:\/\/pinguicea.org\/","url":"https:\/\/pinguicea.org\/","name":"Asociaci\u00f3n Valenciana de Personas Adultas en el Espectro Autista - Ping\u00fciCEA","isPartOf":{"@id":"https:\/\/pinguicea.org\/#website"},"primaryImageOfPage":{"@id":"https:\/\/pinguicea.org\/#primaryimage"},"image":{"@id":"https:\/\/pinguicea.org\/#primaryimage"},"thumbnailUrl":"https:\/\/pinguicea.org\/wp-content\/uploads\/2025\/02\/perfil.png","datePublished":"2025-08-16T17:51:46+00:00","dateModified":"2026-04-13T00:12:59+00:00","breadcrumb":{"@id":"https:\/\/pinguicea.org\/#breadcrumb"},"inLanguage":"es","potentialAction":[{"@type":"ReadAction","target":["https:\/\/pinguicea.org\/"]}]},{"@type":"ImageObject","inLanguage":"es","@id":"https:\/\/pinguicea.org\/#primaryimage","url":"https:\/\/pinguicea.org\/wp-content\/uploads\/2025\/02\/perfil.png","contentUrl":"https:\/\/pinguicea.org\/wp-content\/uploads\/2025\/02\/perfil.png","width":827,"height":827},{"@type":"BreadcrumbList","@id":"https:\/\/pinguicea.org\/#breadcrumb","itemListElement":[{"@type":"ListItem","position":1,"name":"Portada","item":"https:\/\/pinguicea.org\/"},{"@type":"ListItem","position":2,"name":"Asociaci\u00f3n Valenciana de Personas Adultas en el Espectro Autista"}]},{"@type":"WebSite","@id":"https:\/\/pinguicea.org\/#website","url":"https:\/\/pinguicea.org\/","name":"Ping\u00fciCEA","description":"Asociaci\u00f3n Valenciana de Personas Adultas en el Espectro Autista","potentialAction":[{"@type":"SearchAction","target":{"@type":"EntryPoint","urlTemplate":"https:\/\/pinguicea.org\/?s={search_term_string}"},"query-input":{"@type":"PropertyValueSpecification","valueRequired":true,"valueName":"search_term_string"}}],"inLanguage":"es"}]}},"_links":{"self":[{"href":"https:\/\/pinguicea.org\/index.php?rest_route=\/wp\/v2\/pages\/56","targetHints":{"allow":["GET"]}}],"collection":[{"href":"https:\/\/pinguicea.org\/index.php?rest_route=\/wp\/v2\/pages"}],"about":[{"href":"https:\/\/pinguicea.org\/index.php?rest_route=\/wp\/v2\/types\/page"}],"author":[{"embeddable":true,"href":"https:\/\/pinguicea.org\/index.php?rest_route=\/wp\/v2\/users\/3"}],"replies":[{"embeddable":true,"href":"https:\/\/pinguicea.org\/index.php?rest_route=%2Fwp%2Fv2%2Fcomments&post=56"}],"version-history":[{"count":22,"href":"https:\/\/pinguicea.org\/index.php?rest_route=\/wp\/v2\/pages\/56\/revisions"}],"predecessor-version":[{"id":135,"href":"https:\/\/pinguicea.org\/index.php?rest_route=\/wp\/v2\/pages\/56\/revisions\/135"}],"wp:featuredmedia":[{"embeddable":true,"href":"https:\/\/pinguicea.org\/index.php?rest_route=\/wp\/v2\/media\/8"}],"wp:attachment":[{"href":"https:\/\/pinguicea.org\/index.php?rest_route=%2Fwp%2Fv2%2Fmedia&parent=56"}],"curies":[{"name":"wp","href":"https:\/\/api.w.org\/{rel}","templated":true}]}}